{"id":118,"date":"2016-07-15T16:17:44","date_gmt":"2016-07-15T14:17:44","guid":{"rendered":"http:\/\/ateateatro.eus\/?page_id=118"},"modified":"2017-12-10T13:33:24","modified_gmt":"2017-12-10T12:33:24","slug":"kurrikulum-artistikoa-luzea","status":"publish","type":"page","link":"http:\/\/ateateatro.com\/?page_id=118&lang=eu","title":{"rendered":"KURRIKULUM ARTISTIKOA (LUZEA)"},"content":{"rendered":"<p>Alex Tello Arostegi (1977)<\/p>\n<p>Aktore, idazle eta zuzendari<\/p>\n<p>Gizarte Hezkuntzan diplomatura (EHU)<\/p>\n<p><strong>KURRIKULUM ARTISTIKOA (LUZEA) \u00a0 \u00a0 (Azken eguneraketa 2016ko uztailan)<br \/>\n<\/strong><\/p>\n<ol>\n<li><strong> AKTORE<\/strong><\/li>\n<\/ol>\n<p>1.1 ANTZERKIA<\/p>\n<p>1.2 TELEBISTA ETA IKUSENTZUNEZKOAK<\/p>\n<p>1.3 ANIMAZIOA<\/p>\n<p>1.4 CASTING<\/p>\n<ol start=\"2\">\n<li><strong> ZUZENDARI ETA GIDOILARI<\/strong><\/li>\n<\/ol>\n<p>2.1 ANTZERKIA<\/p>\n<p>2.2 LABURMETRAIAK, BIDEOKLIPAK\u2026<\/p>\n<p>Gehiago:<\/p>\n<ol start=\"3\">\n<li><strong>FORMAKUNTZA<\/strong><\/li>\n<\/ol>\n<ol start=\"4\">\n<li><strong>IDAZLE<\/strong><\/li>\n<\/ol>\n<ol start=\"5\">\n<li><strong>SARIAK<\/strong><\/li>\n<\/ol>\n<ol start=\"6\">\n<li>ELKARRIZKETAK ETA ERREPORTAIAK<\/li>\n<\/ol>\n<p><img loading=\"lazy\" decoding=\"async\" class=\"alignnone size-full wp-image-318\" src=\"http:\/\/ateateatro.eus\/wp-content\/uploads\/2016\/07\/Patakon.jpg\" alt=\"Patakon\" width=\"660\" height=\"445\" srcset=\"http:\/\/ateateatro.com\/wp-content\/uploads\/2016\/07\/Patakon.jpg 660w, http:\/\/ateateatro.com\/wp-content\/uploads\/2016\/07\/Patakon-300x202.jpg 300w, http:\/\/ateateatro.com\/wp-content\/uploads\/2016\/07\/Patakon-445x300.jpg 445w\" sizes=\"auto, (max-width: 660px) 100vw, 660px\" \/><\/p>\n<ol>\n<li><strong> AKTOREA<\/strong><\/li>\n<\/ol>\n<p><strong><u>1.1 ANTZERKIAN (ANTZEZLE)<\/u><\/strong><\/p>\n<p>PIRRITX, PORROTX eta MARIMOTOTS (2010 &#8211; 2017)<\/p>\n<p>Pertsonaiak: Periko Lapiko, Plastiker, Igor, Gorka, Benito Otsoa, Patakon pirata, Largabista basozaina, Martinbertso eta abar<\/p>\n<p>ARRAIN HERRIAREN MEMORIA GALDUA haur antzerkia. Nabarralde (2012)<\/p>\n<p>3,2\u2026 ZAST! EGIZU JOLAS Haur antzerkia. Ttinbilin-ttanbalan (2009-2011)<\/p>\n<p>PORROTX PAILAZOA ETA PATAKON PIRATA (2011)<\/p>\n<p>PORROTX PAILAZOA ETA LARGABISTA BASOZAINA (2010)<\/p>\n<p>PORROTX PAILAZOA ETA XIMON BIHURRIA (2009)<\/p>\n<p><img loading=\"lazy\" decoding=\"async\" class=\"alignnone size-full wp-image-327\" src=\"http:\/\/ateateatro.eus\/wp-content\/uploads\/2016\/07\/Ximon-eta-Lide.jpg\" alt=\"Ximon eta Lide\" width=\"3664\" height=\"2748\" srcset=\"http:\/\/ateateatro.com\/wp-content\/uploads\/2016\/07\/Ximon-eta-Lide.jpg 3664w, http:\/\/ateateatro.com\/wp-content\/uploads\/2016\/07\/Ximon-eta-Lide-300x225.jpg 300w, http:\/\/ateateatro.com\/wp-content\/uploads\/2016\/07\/Ximon-eta-Lide-768x576.jpg 768w, http:\/\/ateateatro.com\/wp-content\/uploads\/2016\/07\/Ximon-eta-Lide-1024x768.jpg 1024w, http:\/\/ateateatro.com\/wp-content\/uploads\/2016\/07\/Ximon-eta-Lide-400x300.jpg 400w\" sizes=\"auto, (max-width: 3664px) 100vw, 3664px\" \/><\/p>\n<p>(*Argazkia: Ximon eta Lide (Ainhoa Alberdi) Hitzen Lapurra antzezlaneko pertsonaiak, 2008an)<\/p>\n<p>HITZEN LAPURRA. Haur antzerkia. Ttinbilin-ttanbalan. Lanku (2007-2009)<\/p>\n<p>LORE ETA IKATZ. Gabonetako antzerkia haurrentzako (2007-2008)<\/p>\n<p>DON TXERRI! Bakarrizketa haurrentzat (2008)<\/p>\n<p>MUGI (mugikortasuna eta ingurumena) Eskoletarako antzerkia. Sorkuntza lana (2007-2008)<\/p>\n<p><strong>Arte Eszenikoen Tailerra:<\/strong><\/p>\n<p>TAE3: Izenbururik gabe (Segurtasun arrazoiengatik) Talde sorkuntza. Edi Naud\u00f3k zuzendua (2007)<\/p>\n<p>TAE3: Klase magistralak (inprobisaketak). Edi Naud\u00f3 (2007)<\/p>\n<p>TAE2: Palabras encadenadas (J. Galcer\u00e1n). Edi Naud\u00f3 (2006)<\/p>\n<p>TAE1: Un ciego con una pistola (Chester Hymes). Garbi Losada (2005)<\/p>\n<p><strong>Lan txikiak (antzerkia):<\/strong><\/p>\n<p>\u00abKaixomaitia.eus\u00bb spot-a. 2015<\/p>\n<p>TOSCA (opera) Ainhoa Artetarekin. Eszena zuzendaria: Paco Azor\u00edn. Kursaal Donostia 2015.<\/p>\n<p><img loading=\"lazy\" decoding=\"async\" class=\"alignnone size-full wp-image-330\" src=\"http:\/\/ateateatro.eus\/wp-content\/uploads\/2016\/07\/TOSCA.jpg\" alt=\"TOSCA\" width=\"2448\" height=\"3264\" srcset=\"http:\/\/ateateatro.com\/wp-content\/uploads\/2016\/07\/TOSCA.jpg 2448w, http:\/\/ateateatro.com\/wp-content\/uploads\/2016\/07\/TOSCA-225x300.jpg 225w, http:\/\/ateateatro.com\/wp-content\/uploads\/2016\/07\/TOSCA-768x1024.jpg 768w\" sizes=\"auto, (max-width: 2448px) 100vw, 2448px\" \/><\/p>\n<p>*Argazkia: \u00abTosca\u00bb Kursaalean Iratxerekin (jostuna-jantziak)<\/p>\n<p>Donostia-Sutan (1813 \u2013 2013) Herri antzerkia. Zuzendaria: Eneko Olasagasti \u00a0(2013 abuztuak 31)<\/p>\n<p>\u201cBelfast-eko inprobisaketak\u201d (Txus lurrean dago, I shot the sherif, Lingua pekatorum, X\u00fcb\u00fcr\u00fca. Donostia (2010-2015)<\/p>\n<p>Aldatzen-laguntzen taldearen \u201cIspilua\u201d antzezlanaren agurran kameoa: DJ Kito. (2012)<\/p>\n<p>\u201cEuskararen maratoiko ezkontza\u201d. Lasarte-Oria (2012)<\/p>\n<p>Kilometroak Andoain, \u201cOn egin\u201d jaialdian esketxa (2012)<\/p>\n<p>\u201cApocalipsiaren zaldunak\u201d Kale antzerki ibiltaria Euskal Herrian zehar (2009)<\/p>\n<p>TXERRIKI (2008-2010) Txarraka show! Etxe Berri de luxe, Ekoibilgailuak, Emakume baten egun zoriontsua (2008) Oasia (2009) Azken bals-a (2010). Kale animazioak, inprobisaketak\u2026<\/p>\n<p><img loading=\"lazy\" decoding=\"async\" class=\"alignnone size-full wp-image-326\" src=\"http:\/\/ateateatro.eus\/wp-content\/uploads\/2016\/07\/Olentzero-eta-Ikatz.jpg\" alt=\"Olentzero eta Ikatz\" width=\"3664\" height=\"2748\" srcset=\"http:\/\/ateateatro.com\/wp-content\/uploads\/2016\/07\/Olentzero-eta-Ikatz.jpg 3664w, http:\/\/ateateatro.com\/wp-content\/uploads\/2016\/07\/Olentzero-eta-Ikatz-300x225.jpg 300w, http:\/\/ateateatro.com\/wp-content\/uploads\/2016\/07\/Olentzero-eta-Ikatz-768x576.jpg 768w, http:\/\/ateateatro.com\/wp-content\/uploads\/2016\/07\/Olentzero-eta-Ikatz-1024x768.jpg 1024w, http:\/\/ateateatro.com\/wp-content\/uploads\/2016\/07\/Olentzero-eta-Ikatz-400x300.jpg 400w\" sizes=\"auto, (max-width: 3664px) 100vw, 3664px\" \/><\/p>\n<p>(*Argazkia: \u00abOlentzero eta Ikatz\u00bb, Joxe Torregarai akotrearekin. Txerriki taldea 2009an)<\/p>\n<p>Moztu! Alproja. Kale antzerkia (2008-2009)<\/p>\n<p>Irakurketa dramatizatuak: Isla peque\u00f1a (David Barbero) (2006)<\/p>\n<p>\u201cBide-zorra\u201d (Martxoak 8) Antzerkia\u00a0 Egiako pasabidean (2006)<\/p>\n<p><strong>Aurkezle:<\/strong><\/p>\n<p>\u201cBaby big band 10 urte\u201d jaialdiaren aukezpena Marta Elvirarekin Bastero antzokian. Andoain (2015)<\/p>\n<p>Ibilaldian aurkezlea familien gunean. Bermeo (2011)<\/p>\n<p>Andoaingo I\u00f1auterietako jaialdiaren aurkezpena (2011)<\/p>\n<p>Villabonako bakarrizketen aurkezle eta dinamizatzailea (2010)<\/p>\n<p>Galaren aurkezlea D-2016rako: Poloniako gazteekin elkartrukea.<\/p>\n<p>Kontadores Donostia (2009ko abenduaren 18an)<\/p>\n<p><strong>Gehiago eta bestelako:<\/strong><\/p>\n<p>Sorkuntza tailerra O\u00f1atiko \u00abIrazan\u00bb antzerki taldeari (2017)<\/p>\n<p>Topa eszenika. Usurbilgo jaialdiaren antolakuntza eta zuzendaritza (2009 -2015)<\/p>\n<p>Antzerkizale Egunaren antolaketa eta zuzendaritza (2012)<\/p>\n<p>Usurbilgo Kale Antzerki Eguna. Antolakuntza eta zuzendaritza (2008-2010)<\/p>\n<p><em>\u201cHarresi guztien gainetik, sarraila guztien azpitik jasotako hitzak\u201d. Irakurketa dramatizatuak.\u00a0 Lasarte-Oria. Eszenaratze aholkularitza (2011 \u2013 2012)<\/em><\/p>\n<p>\u201cOteiza ezberdin gizartea\u201d Aldatzen Laguntzen antzerkia. Zuzendari laguntzailea (2011)<\/p>\n<p>DOKA Donostiako Kafe Antzokian antzerki programaketa igandetan (2010)<\/p>\n<p>Epaimahaia Donostiako \u201c21. gazteen antzerki topaketak\u201d (2009)<\/p>\n<p>\u201cSoofing\u201d TGK gazte taldearen zuzendari laguntzailea (2009)<\/p>\n<p>KUKUKA Helduei zuzendutako antzerki ikastaroak Lasarte-Orian (2009 \u2013 2012)<\/p>\n<p>Haurrei zuzendutako antzerki ikastaroak Donostia eta Usurbilen (2007-2008)<\/p>\n<p><img loading=\"lazy\" decoding=\"async\" class=\"alignnone size-full wp-image-319\" src=\"http:\/\/ateateatro.eus\/wp-content\/uploads\/2016\/07\/Urkijotarrak_foto960.jpg\" alt=\"Urkijotarrak_foto960\" width=\"960\" height=\"524\" srcset=\"http:\/\/ateateatro.com\/wp-content\/uploads\/2016\/07\/Urkijotarrak_foto960.jpg 960w, http:\/\/ateateatro.com\/wp-content\/uploads\/2016\/07\/Urkijotarrak_foto960-300x164.jpg 300w, http:\/\/ateateatro.com\/wp-content\/uploads\/2016\/07\/Urkijotarrak_foto960-768x419.jpg 768w, http:\/\/ateateatro.com\/wp-content\/uploads\/2016\/07\/Urkijotarrak_foto960-500x273.jpg 500w\" sizes=\"auto, (max-width: 960px) 100vw, 960px\" \/><\/p>\n<p><strong><u>1.2 TELEBISTA \u2013 IKUSENTZUNEZKOAK (AKTORE)<\/u><\/strong><\/p>\n<p><strong>Telebista:<\/strong><\/p>\n<p>GOENKALE XX\u00a0 Reparto temporada: \u00abAsier\u00bb (2013 \u2013 2014)<\/p>\n<p>MUGALDEKOAK Peque\u00f1as partes, \u00abAviador ingl\u00e9s\u00bb (2009)<\/p>\n<p><strong>Laburmetraiak:<\/strong><\/p>\n<p>\u2018Aita antza!!!\u201d (8 min.) Laburmetraia. Idoia Etxeberria (2012)<\/p>\n<p>\u2018Arrotzak\u2019 (5 min.) Laburmetraia. Miren Zarauz &amp; Irene Ort\u00edz (2008)<\/p>\n<p>\u2018Apret\u00f3n\u2019 (64 seg.) Laburmetraia. Marcos Antolini (ESCIVI) (2006)<\/p>\n<p><strong>Bideoklipa:<\/strong><\/p>\n<p>\u00abLaino eder hori\u00bb AURITZ taldearen bideoklipa (2017)<\/p>\n<p>\u201cUneak\u201d R musika taldearen bideoklipa (2009)<\/p>\n<p><strong>Telebistarako lan txikiak:<\/strong><\/p>\n<p>GOENKALE \u2018Actor de reparto\u2019 eta zati txikiak atal batzuetan. (2007-2009)<\/p>\n<p>MARTIN \u2018Zati txikiak\u2019 (2007) Klikowski (2008)<\/p>\n<p>ESKETXAK Urtezaharreko berezia Teledonosti-n (2007)<\/p>\n<p><strong>Lan txikiak (ikusentzunezkoak\u2026):<\/strong><\/p>\n<p>\u00abJatearen egiak\u00bb ETB1 (2009)<\/p>\n<p>\u201cVuelta de tuerca\u201d C\u00e1mara oculta\u201d ETB2 (2008)<\/p>\n<p>\u201cTerritorio comanche\u201d Camara oculta ETB2 (2008)<\/p>\n<p>Publizitatean figurazioa: \u201cFagor Pir\u00f3lisis\u201d Karlos Argui\u00f1anorekin. IZ-Amasa (2008)<\/p>\n<p>Animaziorako mugimenduen harrapaketa eta bikoizketa. Aiako museoa. (2007)<\/p>\n<p>OFF ahotsa (telefonoz elkarrizketa) Goenkalen (2006)<\/p>\n<p>Grabaketa eta bikoizketa (Burdinaren Museoaren gune birtuala) (2006)<\/p>\n<p>Zinemaldiaren \u201cIrekiera ekitaldirako\u201d entseguak (2006)<\/p>\n<p>Telebistan figurazioa: \u201cWazemank!\u201d, \u201cMartin\u201d, \u201cKlikowski\u201d, \u201cGoenkale\u201d (2006-2008)<\/p>\n<p>Zineman figurazioa: \u201cDos rivales casi iguales\u201d, \u201cZorion perfektua\u201d, \u201cTodos estamos invitados\u201d (2006-2008)<\/p>\n<p>Teledonostiko erreportaria Tolosako i\u00f1auterietan (2008)<\/p>\n<p>*Euskadi Irratia:\u201dIlargipean\u201d (Dani Arizala). \u201cXabi eta Katixa\u201d. Xabiren pertsonaia hainbat irratsaioetan. 2011ko udaberria.<\/p>\n<p><strong>\u00a0<u>1.3. ANIMAZIOA<\/u><\/strong><\/p>\n<p><strong><img loading=\"lazy\" decoding=\"async\" class=\"alignnone size-full wp-image-320\" src=\"http:\/\/ateateatro.eus\/wp-content\/uploads\/2016\/07\/Ibarretxe-eta-UKAN.jpg\" alt=\"Ibarretxe eta UKAN\" width=\"2048\" height=\"1512\" srcset=\"http:\/\/ateateatro.com\/wp-content\/uploads\/2016\/07\/Ibarretxe-eta-UKAN.jpg 2048w, http:\/\/ateateatro.com\/wp-content\/uploads\/2016\/07\/Ibarretxe-eta-UKAN-300x221.jpg 300w, http:\/\/ateateatro.com\/wp-content\/uploads\/2016\/07\/Ibarretxe-eta-UKAN-768x567.jpg 768w, http:\/\/ateateatro.com\/wp-content\/uploads\/2016\/07\/Ibarretxe-eta-UKAN-1024x756.jpg 1024w, http:\/\/ateateatro.com\/wp-content\/uploads\/2016\/07\/Ibarretxe-eta-UKAN-406x300.jpg 406w\" sizes=\"auto, (max-width: 2048px) 100vw, 2048px\" \/><\/strong><\/p>\n<p><strong>Ukan pertsonaia (2006 \u2013 2009): <\/strong>UKAN (euskararen eta bizikidetzaren aldeko birusa). Ukan birusa Eusko Jaurlaritzaren Euskara Sailburuordetzak abian jarri zuen kanpaina bateko pertsonaia da, Kutsatu! Ekin, UKAN, ekin! goiburuduna. Ukan Euskal Herrian hedatzen ari den birus \u00abonuragarria\u00bb da. Birusak \u00abelkarbizitza suspertzen laguntzen du\u00bb eta \u201ceuskararen aldeko jarrera baikorrak\u201d. Animazioak, spot-ak, ekitaldiak, bideoklipak\u2026 Euskal Autonomi Erkidegoan eta atzerrian (Paris, Berlin).<\/p>\n<p><strong>\u00a0<u>1.4. CASTING <\/u><\/strong><\/p>\n<p>2006tik egin ditudan casting eta elkarrizketak:<\/p>\n<p>1.- \u201cDos rivales casi iguales\u201d (El lunar). 2006an elkarrizketa. AUKERATUA<\/p>\n<p>2.- \u201cUKAN\u201d. 2006an elkarrizketa. AUKERATUA<\/p>\n<p>3.-\u00a0 \u00abGoenkale\u00bb. Donostia 2007<\/p>\n<p>4.- \u00abPilotari\u00bb (telesaila). Donostia 2007<\/p>\n<p>5.- \u201cEsto no es serio, \u00bfo s\u00ed?\u201d. Donostia 2007<\/p>\n<p>6.- \u00abBalbemendi\u00bb (teleserie). Donostia 2008<\/p>\n<p>7.- \u00abNi naiz Hector, ni bakarrik!\u00bb (teatro). Txalo &amp; Kanpingags. Donostia 2008<\/p>\n<p>8.- Teatro del oprimido. Crearte. Bermeo 2009<\/p>\n<p>9.- \u201cGoenkale XX\u201d. Donostia. 2012ko udaberria. AUKERATUA<\/p>\n<p>10.- \u201cAurkezle lan poltsa\u201d PauSoka-rako. Donostia. 2014 azaroa.<\/p>\n<p>11.-\u00a0 \u201cOlentzero ETBrako\u201d. Bilbo. 2014ko azaroa.<\/p>\n<p><img loading=\"lazy\" decoding=\"async\" class=\"alignnone size-full wp-image-322\" src=\"http:\/\/ateateatro.eus\/wp-content\/uploads\/2016\/07\/sasi-kasting-2015-uztailak-2.jpeg\" alt=\"sasi kasting 2015 uztailak 2\" width=\"968\" height=\"1296\" srcset=\"http:\/\/ateateatro.com\/wp-content\/uploads\/2016\/07\/sasi-kasting-2015-uztailak-2.jpeg 968w, http:\/\/ateateatro.com\/wp-content\/uploads\/2016\/07\/sasi-kasting-2015-uztailak-2-224x300.jpeg 224w, http:\/\/ateateatro.com\/wp-content\/uploads\/2016\/07\/sasi-kasting-2015-uztailak-2-768x1028.jpeg 768w, http:\/\/ateateatro.com\/wp-content\/uploads\/2016\/07\/sasi-kasting-2015-uztailak-2-765x1024.jpeg 765w\" sizes=\"auto, (max-width: 968px) 100vw, 968px\" \/><\/p>\n<p>12.- \u201cKalebegiak\u201d. Donostia. 2015eko maiatza.<\/p>\n<p>13.- \u201cEl guardi\u00e1n invisible\u201d.\u00a0 Donostia. Aurkezpena. 2016 urtarrila.<\/p>\n<p>14.- \u201cEl guardi\u00e1n invisible\u201d. Donostia. Casting froga. 2016 otsaila.<\/p>\n<p>15.-\u00a0 \u201cErrementari\u201d pelikula. Gasteiz. 2016ko uztaila.<\/p>\n<p>16.- \u00abOinak lurrean\u00bb (Baleuko). Aurkezle eta lokutore ETBko programarako. 2017ko apirila.<\/p>\n<p><img loading=\"lazy\" decoding=\"async\" class=\"alignnone size-full wp-image-321\" src=\"http:\/\/ateateatro.eus\/wp-content\/uploads\/2016\/07\/Alex-eta-Enrike-Amilibia.jpg\" alt=\"Alex eta Enrike Amilibia\" width=\"3861\" height=\"2574\" srcset=\"http:\/\/ateateatro.com\/wp-content\/uploads\/2016\/07\/Alex-eta-Enrike-Amilibia.jpg 3861w, http:\/\/ateateatro.com\/wp-content\/uploads\/2016\/07\/Alex-eta-Enrike-Amilibia-300x200.jpg 300w, http:\/\/ateateatro.com\/wp-content\/uploads\/2016\/07\/Alex-eta-Enrike-Amilibia-768x512.jpg 768w, http:\/\/ateateatro.com\/wp-content\/uploads\/2016\/07\/Alex-eta-Enrike-Amilibia-1024x683.jpg 1024w, http:\/\/ateateatro.com\/wp-content\/uploads\/2016\/07\/Alex-eta-Enrike-Amilibia-450x300.jpg 450w\" sizes=\"auto, (max-width: 3861px) 100vw, 3861px\" \/><\/p>\n<p>(*Argazkia: Enrike Amilibia aktorearekin Jendartean Bidaide antzezlanean. 2015)<\/p>\n<p><strong>2. ZUZENDARIA<\/strong><\/p>\n<p><strong>\u00a0<u>2.1 ANTZERKIAN AUTORE + ZUZENDARI<\/u><\/strong><\/p>\n<p><strong>\u00a0ALEX TELLO <\/strong>(gidoilari eta zuzendaria)<\/p>\n<p>Profesional mailan:<\/p>\n<p>\u201cInklusioaz formatu txikian\u201d (2016)<\/p>\n<p>\u201cJendartean Bidaide\u201d antzerki soziala (2015)<\/p>\n<p>\u201cEkeotikopatetikobikoa\u201d poltsiko komedia (2015)<\/p>\n<p>\u201cZu gabe\u201d drama (2015)<\/p>\n<p>\u201cNatura Maitatuz: Largabista eta Marisorgin\u201d antzerki ibiltaria (2012)<\/p>\n<p>\u201cIrrien Lagunekin kanta eta dantza\u201d (2011)<\/p>\n<p>Gehiago:<\/p>\n<p>\u00abTxerriki\u00bb Usurbilgo talde amateurraren gidoilari eta zuzendaria (2008-2010)<\/p>\n<p>\u00abMugi: bide-heziketa eta ingurumena\u00bb eskoletarako antzerkia (2007)<\/p>\n<p>\u201cSorkuntza antzerkia\u201d irakaslea haur, gazte eta helduekin (2007 \u2013 2012)<\/p>\n<p><strong>\u00a02.2 AUTORE + ZUZENDARI<\/strong><\/p>\n<p><strong><u>(LABURMETRAIAK ETA BIDEOKLIPAK)<\/u><\/strong><\/p>\n<p><img loading=\"lazy\" decoding=\"async\" class=\"alignnone size-full wp-image-325\" src=\"http:\/\/ateateatro.eus\/wp-content\/uploads\/2016\/07\/KARTELA-AITOR.jpg\" alt=\"KARTELA AITOR\" width=\"1920\" height=\"1080\" srcset=\"http:\/\/ateateatro.com\/wp-content\/uploads\/2016\/07\/KARTELA-AITOR.jpg 1920w, http:\/\/ateateatro.com\/wp-content\/uploads\/2016\/07\/KARTELA-AITOR-300x169.jpg 300w, http:\/\/ateateatro.com\/wp-content\/uploads\/2016\/07\/KARTELA-AITOR-768x432.jpg 768w, http:\/\/ateateatro.com\/wp-content\/uploads\/2016\/07\/KARTELA-AITOR-1024x576.jpg 1024w, http:\/\/ateateatro.com\/wp-content\/uploads\/2016\/07\/KARTELA-AITOR-500x281.jpg 500w\" sizes=\"auto, (max-width: 1920px) 100vw, 1920px\" \/><\/p>\n<p><strong>\u00a0Laburmetraiak:<br \/>\n<\/strong><\/p>\n<p>\u00abAITOR\u00bb Laburmetrai amateurra (4 minutu). Lekeitio Zine-Bilera (2016)<\/p>\n<p>EKOETIKO. TELESAILA 1. (25 min.) Telebistarako pilotoa (2015)<\/p>\n<p><img loading=\"lazy\" decoding=\"async\" class=\"alignnone size-full wp-image-323\" src=\"http:\/\/ateateatro.eus\/wp-content\/uploads\/2016\/07\/KARTELA-Ekoetiko-telesaila.jpg\" alt=\"KARTELA Ekoetiko telesaila\" width=\"1920\" height=\"2160\" srcset=\"http:\/\/ateateatro.com\/wp-content\/uploads\/2016\/07\/KARTELA-Ekoetiko-telesaila.jpg 1920w, http:\/\/ateateatro.com\/wp-content\/uploads\/2016\/07\/KARTELA-Ekoetiko-telesaila-267x300.jpg 267w, http:\/\/ateateatro.com\/wp-content\/uploads\/2016\/07\/KARTELA-Ekoetiko-telesaila-768x864.jpg 768w, http:\/\/ateateatro.com\/wp-content\/uploads\/2016\/07\/KARTELA-Ekoetiko-telesaila-910x1024.jpg 910w\" sizes=\"auto, (max-width: 1920px) 100vw, 1920px\" \/><\/p>\n<p>AUPA ZINEMA! (4:19 min.) \u201cEuskaraz bizi nahi dut\u201d (2015)<\/p>\n<p>ZU GABE Laburmetria (23 min.) Antzezlanaren moldaketa. Andoaingo ESCIVI zine eta bideo eskolako ikasleekin egindako lana (2015)<\/p>\n<p>ZU GABE Promo teatro (7:20 min.) Profesionala (2014)<\/p>\n<p><img loading=\"lazy\" decoding=\"async\" class=\"alignnone size-full wp-image-324\" src=\"http:\/\/ateateatro.eus\/wp-content\/uploads\/2016\/07\/ZU_GABE_Kartela.png\" alt=\"ZU_GABE_Kartela\" width=\"1418\" height=\"993\" srcset=\"http:\/\/ateateatro.com\/wp-content\/uploads\/2016\/07\/ZU_GABE_Kartela.png 1418w, http:\/\/ateateatro.com\/wp-content\/uploads\/2016\/07\/ZU_GABE_Kartela-300x210.png 300w, http:\/\/ateateatro.com\/wp-content\/uploads\/2016\/07\/ZU_GABE_Kartela-768x538.png 768w, http:\/\/ateateatro.com\/wp-content\/uploads\/2016\/07\/ZU_GABE_Kartela-1024x717.png 1024w, http:\/\/ateateatro.com\/wp-content\/uploads\/2016\/07\/ZU_GABE_Kartela-428x300.png 428w\" sizes=\"auto, (max-width: 1418px) 100vw, 1418px\" \/><\/p>\n<p><strong>Bideoklipak:<\/strong><\/p>\n<p>ALAITASUNEAN BIZITZEN (1:45 min.). Musika bidoeklipa. Profesionala (2015)<\/p>\n<p>ELKARREKIN GARA (3:32 min.) Musika bideoklipa. Profesionala (2015)<\/p>\n<p><strong>2.2.1 Ikusentzunezko gehiago (zuzendaritza):<\/strong><\/p>\n<p>\u00abLotserr\u00efa\u00bb (teaser) ikusentzunezkoan aktore zuzendaria (zuzendaritza artistikoa) (2016)<\/p>\n<p>Gattunk! KMK 2015eko bideokliparen aurkezpen galaren zuzendaria (2015)<\/p>\n<p>Mendeku Itxua taldearen \u201cZU\u201d bideokliparen gidoia eta zuzendaritza (2010)<\/p>\n<p>Mendeku Itxua taldearen \u201cHerentziaren mendekua\u201d bideokliparen gidoia eta zuzendaritza (2009)<\/p>\n<p>\u201cSarrailako giltza\u201d Usurbilgo herri antzerkiaren DVDaren edizioa eta garapena (2008)<\/p>\n<p><strong>&#8212;&#8212;&#8212;&#8212;&#8212;&#8212;&#8212;&#8212;&#8212;&#8212;&#8212;&#8212;&#8212;&#8212;&#8212;&#8212;&#8212;&#8212;&#8212;&#8212;&#8212;&#8212;&#8212;&#8212;&#8211;<\/strong><\/p>\n<ol start=\"3\">\n<li><strong><u> FORMAKUNTZA<\/u><\/strong><\/li>\n<\/ol>\n<p><strong>Tituluak\/Ikasketak: <\/strong><\/p>\n<p>TAE-AET Arte eszenikoen tailerra. Donostia. (2005 \u2013 2007)<\/p>\n<p>Gizarte Hezkuntza (diplomatura). Donostia. (1996 \u2013 1999)<\/p>\n<p><strong>Ikastaroak:<\/strong><\/p>\n<p>Teatro SOLO. Mat\u00edas Umpierrez. Donostia 2015<\/p>\n<p>Blacbird. Fernando Bernu\u00e9s. Victoria Eugenia. 2014<\/p>\n<p>Antzerki Lehia. Mireia Gabilondo. Victoria Eugenia 2014<\/p>\n<p>Aktorea kamera aurrean. Eneko Olasagasti. Donostia 2013<\/p>\n<p>Curso Transfronterizo. Varios. POK PRODUCCIONES &amp; TH\u00c9\u00c2TRE DES CHIM\u00c8RES. Biarritz 2009<\/p>\n<p>Topa Eszenika tailerrak: Oier Guillan, Ainhoa Alberdi, Galder Perez, Ander Lipus, Marga Altolaguirre, I\u00f1aki Ziarrusta, Maider Oiartzabal, Asier Sota\u2026 (2009 \u2013 2015)<\/p>\n<p>Monografikoak TAEn: Clown (Ana P\u00e9rez), Commedia delll\u2019Arte (Patxi Barco), Argiztapena (Xabier Lozano) eta abar. (2005 \u2013 2007)<\/p>\n<p><strong>&#8212;&#8212;&#8212;&#8212;&#8212;&#8212;&#8212;&#8212;&#8212;&#8212;&#8212;&#8212;&#8212;&#8212;&#8212;&#8212;&#8212;&#8212;&#8212;&#8212;&#8212;&#8212;&#8212;&#8212;&#8211;<\/strong><\/p>\n<ol start=\"4\">\n<li><strong><u> IDATZIAK<\/u><\/strong><\/li>\n<\/ol>\n<p>Atzeko Atetik HIK-HASI aldizkaria (2015)<\/p>\n<p>Nabarra aldizkariko \u2018jaitsi teloia\u2019 atalean\u00a0 3 idatzi (2008)<\/p>\n<p>Noaua! herri aldizkarian auzo kronikak. Usurbil (2005-2009)<\/p>\n<p>Mendeku Itxua musika taldearen \u201cIndarrak batuz\u201d diskako sei baestien autorea (2009)<\/p>\n<p>Mendeku Itxua musika taldearen \u201cPiztien pare\u201d diskako abestietako letren ko-autorea (2010)<\/p>\n<p>\u201cR\u201d musika taldearen \u201cHedatuz\u201d diskaren \u201cOrdubiak hamar gutxi\u201d letraren autorea (2003)<\/p>\n<p>\u201cR\u201d musika taldearen \u201cUhinak\u201d diskako abestien hitzetan laguntza (2009)<\/p>\n<p>\u201cEgunero lerro bat\u201d. Poesia lan luzea. Argiraratu gabea (2007)<\/p>\n<p>\u201cGauak lehengo olatuak\u201d. Poesia lan luzea. Argitaratu gabea (2003 \u2013 2006)<\/p>\n<p><strong>\u00a0&#8212;&#8212;&#8212;&#8212;&#8212;&#8212;&#8212;&#8212;&#8212;&#8212;&#8212;&#8212;&#8212;&#8212;&#8212;&#8212;&#8212;&#8212;&#8212;&#8212;&#8212;&#8212;&#8212;&#8212;&#8211;<\/strong><\/p>\n<ol start=\"5\">\n<li><strong><u> SARIAK<\/u><\/strong><\/li>\n<\/ol>\n<p>EKOETIKOPATETIKOBIKOA Poltsiko antzerki sorkuntzarako proiektu saritua. Donostia (2015)<\/p>\n<p>BERRIPAPERAK Irrati antzerkia. Donostian saritua (2008)<\/p>\n<p>OSPITALEAN Irrati antzerkia. Donostian saritua (2007)<\/p>\n<p>PIANOA Irrati antzerkia. Donostian saritua (2006)<\/p>\n<p>ESME Enpresa ideia onenaren 2. saria. Donostia (1996)<\/p>\n<p><strong>&#8212;&#8212;&#8212;&#8212;&#8212;&#8212;&#8212;&#8212;&#8212;&#8212;&#8212;&#8212;&#8212;&#8212;&#8212;&#8212;&#8212;&#8212;&#8212;&#8212;&#8212;&#8212;&#8212;&#8212;&#8211;<\/strong><\/p>\n<ol start=\"6\">\n<li><strong> ELKARRIZKETAK &#8211; ERREPORTAIAK<\/strong><\/li>\n<\/ol>\n<p>NOAUA! 2007 uztailak 20 \u201cTelebistan agertzea erraza da, baina telebistan aktore lana egitea zailagoa da\u201d<\/p>\n<p>AIURRI! 2012 uztailak 6 \u201cAntzerkiaren mudu magikoan murgilduta\u201d<\/p>\n<p>(2008-2016 Elkarrizketa gehiago aldizkari, prentsa, irratia eta abarretan Kale Antzeri Eguna, Txerriki, Soofing, Topa Eszenika\u2026 ATEA TEATROren inguruan).<\/p>\n<p>*1996an Euskadi Irratian Esme \u201cenpresa ideia\u201d saria dela eta. Udaberrian.<\/p>\n<p>&nbsp;<\/p>\n<p>&nbsp;<\/p>\n","protected":false},"excerpt":{"rendered":"<p>Alex Tello Arostegi (1977) Aktore, idazle eta zuzendari Gizarte Hezkuntzan diplomatura (EHU) KURRIKULUM ARTISTIKOA (LUZEA) \u00a0 \u00a0 (Azken eguneraketa 2016ko uztailan) AKTORE 1.1 ANTZERKIA 1.2 TELEBISTA ETA IKUSENTZUNEZKOAK 1.3 ANIMAZIOA 1.4 CASTING ZUZENDARI ETA GIDOILARI 2.1 ANTZERKIA 2.2 LABURMETRAIAK, BIDEOKLIPAK\u2026 &hellip; <a href=\"http:\/\/ateateatro.com\/?page_id=118&#038;lang=eu\">Sigue leyendo <span class=\"meta-nav\">&rarr;<\/span><\/a><\/p>\n","protected":false},"author":1,"featured_media":0,"parent":0,"menu_order":0,"comment_status":"closed","ping_status":"closed","template":"","meta":{"footnotes":""},"class_list":["post-118","page","type-page","status-publish","hentry"],"_links":{"self":[{"href":"http:\/\/ateateatro.com\/index.php?rest_route=\/wp\/v2\/pages\/118","targetHints":{"allow":["GET"]}}],"collection":[{"href":"http:\/\/ateateatro.com\/index.php?rest_route=\/wp\/v2\/pages"}],"about":[{"href":"http:\/\/ateateatro.com\/index.php?rest_route=\/wp\/v2\/types\/page"}],"author":[{"embeddable":true,"href":"http:\/\/ateateatro.com\/index.php?rest_route=\/wp\/v2\/users\/1"}],"replies":[{"embeddable":true,"href":"http:\/\/ateateatro.com\/index.php?rest_route=%2Fwp%2Fv2%2Fcomments&post=118"}],"version-history":[{"count":18,"href":"http:\/\/ateateatro.com\/index.php?rest_route=\/wp\/v2\/pages\/118\/revisions"}],"predecessor-version":[{"id":458,"href":"http:\/\/ateateatro.com\/index.php?rest_route=\/wp\/v2\/pages\/118\/revisions\/458"}],"wp:attachment":[{"href":"http:\/\/ateateatro.com\/index.php?rest_route=%2Fwp%2Fv2%2Fmedia&parent=118"}],"curies":[{"name":"wp","href":"https:\/\/api.w.org\/{rel}","templated":true}]}}